{"id":21731,"date":"2022-12-08T09:35:06","date_gmt":"2022-12-08T09:35:06","guid":{"rendered":"https:\/\/sered.net\/guias\/?post_type=docs&#038;p=21731"},"modified":"2023-01-03T16:07:01","modified_gmt":"2023-01-03T16:07:01","slug":"cambiar-el-periodo-de-facturacion-en-sered","status":"publish","type":"docs","link":"https:\/\/sered.net\/guias\/cambiar-el-periodo-de-facturacion-en-sered\/","title":{"rendered":"\u00bfC\u00f3mo cambiar el per\u00edodo de facturaci\u00f3n en Sered?"},"content":{"rendered":"\n<p>\u00bfQuieres cambiar el per\u00edodo de facturaci\u00f3n en Sered? En esta gu\u00eda, te mostramos <strong>c\u00f3mo modificar el periodo de facturaci\u00f3n en Sered <\/strong>de forma r\u00e1pida y en sencillos pasos.<\/p>\n\n\n\n<p>El&nbsp;<strong>\u00c1rea de clientes<\/strong>&nbsp;de&nbsp;<strong>Sered<\/strong>&nbsp;nos brinda la posibilidad de hacer cambios en el per\u00edodo de facturaci\u00f3n de nuestro servicio de hosting, haciendo as\u00ed que se cobre en el periodo de tiempo que necesites. Incluso,&nbsp;<strong>Sered<\/strong>&nbsp;te ofrece una opci\u00f3n para&nbsp;<a href=\"https:\/\/ayudahosting.online\/como-ampliar-pack-contratado\/\" rel=\"nofollow noopener\" target=\"_blank\"><strong>ampliar el pack contratado<\/strong><\/a>.<\/p>\n\n\n\n<p>Al realizar estos cambios en el periodo de facturaci\u00f3n, podr\u00e1s hacer que tu hosting sea cobrado mensual, trimestral, semianual, anual, bianual e incluso trianual.<\/p>\n\n\n\n<p>Veamos ahora c\u00f3mo modificar esta opci\u00f3n directamente desde el&nbsp;<strong>\u00c1rea de clientes<\/strong>&nbsp;de&nbsp;<strong>Sered<\/strong>.<\/p>\n\n\n\n<div style=\"height:40px\" aria-hidden=\"true\" class=\"wp-block-spacer\"><\/div>\n\n\n\n<h2 class=\"wp-block-heading\">\u00bfC\u00f3mo modificar el per\u00edodo de facturaci\u00f3n en Sered?<\/h2>\n\n\n\n<h3 class=\"wp-block-heading\">Ingresa al \u00c1rea de Clientes de Sered<\/h3>\n\n\n\n<p>En primer lugar, debemos ingresar al&nbsp;<a href=\"https:\/\/clientes.sered.net\/\" target=\"_blank\" rel=\"noreferrer noopener\"><strong>\u00c1rea de clientes<\/strong><\/a>&nbsp;de&nbsp;<strong>Sered<\/strong>.<\/p>\n\n\n\n<div style=\"height:5px\" aria-hidden=\"true\" class=\"wp-block-spacer\"><\/div>\n\n\n<div class=\"wp-block-image\">\n<figure class=\"aligncenter size-full\"><img fetchpriority=\"high\" decoding=\"async\" width=\"1908\" height=\"885\" src=\"https:\/\/sered.net\/guias\/wp-content\/uploads\/2022\/12\/area-de-clientes-SEREDNET.png\" alt=\"\u00e1rea de clientes SEREDNET\" class=\"wp-image-23227\" srcset=\"https:\/\/sered.net\/guias\/wp-content\/uploads\/2022\/12\/area-de-clientes-SEREDNET.png 1908w, https:\/\/sered.net\/guias\/wp-content\/uploads\/2022\/12\/area-de-clientes-SEREDNET-768x356.png 768w, https:\/\/sered.net\/guias\/wp-content\/uploads\/2022\/12\/area-de-clientes-SEREDNET-1536x712.png 1536w\" sizes=\"(max-width: 1908px) 100vw, 1908px\" \/><\/figure>\n<\/div>\n\n\n<div style=\"height:45px\" aria-hidden=\"true\" class=\"wp-block-spacer\"><\/div>\n\n\n\n<h3 class=\"wp-block-heading\">Selecciona la secci\u00f3n de Hostings\/Productos<\/h3>\n\n\n\n<p>Una vez ubicados en el inicio de nuestra&nbsp;<strong>\u00c1rea de clientes<\/strong>, debemos buscar la opci\u00f3n&nbsp;<strong>\u201cServicios\u201d&nbsp;<\/strong>y haremos clic en la categor\u00eda&nbsp;<strong>\u201cHosting \/ Productos\u201d<\/strong>.<\/p>\n\n\n\n<div style=\"height:5px\" aria-hidden=\"true\" class=\"wp-block-spacer\"><\/div>\n\n\n<div class=\"wp-block-image\">\n<figure class=\"aligncenter size-full\"><img decoding=\"async\" width=\"1889\" height=\"594\" src=\"https:\/\/sered.net\/guias\/wp-content\/uploads\/2022\/12\/Panel-de-Servicios-SERED.NET_-1.png\" alt=\"Panel de Servicios SERED.NET\" class=\"wp-image-23611\" srcset=\"https:\/\/sered.net\/guias\/wp-content\/uploads\/2022\/12\/Panel-de-Servicios-SERED.NET_-1.png 1889w, https:\/\/sered.net\/guias\/wp-content\/uploads\/2022\/12\/Panel-de-Servicios-SERED.NET_-1-768x241.png 768w, https:\/\/sered.net\/guias\/wp-content\/uploads\/2022\/12\/Panel-de-Servicios-SERED.NET_-1-1536x483.png 1536w\" sizes=\"(max-width: 1889px) 100vw, 1889px\" \/><\/figure>\n<\/div>\n\n\n<div style=\"height:45px\" aria-hidden=\"true\" class=\"wp-block-spacer\"><\/div>\n\n\n\n<h3 class=\"wp-block-heading\">Accede al administrador del hosting<\/h3>\n\n\n\n<p>Inmediatamente te estar\u00e1 abriendo una p\u00e1gina que te mostrar\u00e1 el hosting que tienes contratado. Para continuar, debemos ubicar la opci\u00f3n&nbsp;<strong>\u201cAdministrar\u201d<\/strong>&nbsp;que se encuentra en la parte inferior derecha del servicio al cual queremos cambiarle el per\u00edodo de facturaci\u00f3n. Hacemos clic en esta opci\u00f3n para ir a la siguiente p\u00e1gina y realizar los cambios.<\/p>\n\n\n\n<div style=\"height:5px\" aria-hidden=\"true\" class=\"wp-block-spacer\"><\/div>\n\n\n<div class=\"wp-block-image\">\n<figure class=\"aligncenter size-full\"><img decoding=\"async\" width=\"1911\" height=\"474\" src=\"https:\/\/sered.net\/guias\/wp-content\/uploads\/2022\/12\/Administrador-de-Hostings-SERED.NET_-1.png\" alt=\"Administrador de Hostings SERED.NET\" class=\"wp-image-23613\" srcset=\"https:\/\/sered.net\/guias\/wp-content\/uploads\/2022\/12\/Administrador-de-Hostings-SERED.NET_-1.png 1911w, https:\/\/sered.net\/guias\/wp-content\/uploads\/2022\/12\/Administrador-de-Hostings-SERED.NET_-1-768x190.png 768w, https:\/\/sered.net\/guias\/wp-content\/uploads\/2022\/12\/Administrador-de-Hostings-SERED.NET_-1-1536x381.png 1536w\" sizes=\"(max-width: 1911px) 100vw, 1911px\" \/><\/figure>\n<\/div>\n\n\n<div style=\"height:45px\" aria-hidden=\"true\" class=\"wp-block-spacer\"><\/div>\n\n\n\n<h3 class=\"wp-block-heading\">Selecciona&nbsp;el per\u00edodo de facturaci\u00f3n<\/h3>\n\n\n\n<p>Ahora te estar\u00e1n apareciendo distintas opciones con las que podemos gestionar nuestro servicio de hosting. En la misma categor\u00eda&nbsp;<strong>\u201cInformaci\u00f3n general\u201d<\/strong>&nbsp;debemos deslizarnos hacia abajo y buscar la opci\u00f3n&nbsp;<strong>\u201cPeriodo de facturaci\u00f3n\u201d<\/strong>. Esta se encuentra junto a&nbsp;<strong>\u201cComplementos de producto\u201d<\/strong>.<\/p>\n\n\n\n<div style=\"height:5px\" aria-hidden=\"true\" class=\"wp-block-spacer\"><\/div>\n\n\n<div class=\"wp-block-image\">\n<figure class=\"aligncenter size-full\"><img loading=\"lazy\" decoding=\"async\" width=\"1896\" height=\"961\" src=\"https:\/\/sered.net\/guias\/wp-content\/uploads\/2022\/12\/Periodo-de-facturacion-SERED.NET_-1.png\" alt=\"Periodo de facturacion SERED.NET\" class=\"wp-image-23615\" srcset=\"https:\/\/sered.net\/guias\/wp-content\/uploads\/2022\/12\/Periodo-de-facturacion-SERED.NET_-1.png 1896w, https:\/\/sered.net\/guias\/wp-content\/uploads\/2022\/12\/Periodo-de-facturacion-SERED.NET_-1-768x389.png 768w, https:\/\/sered.net\/guias\/wp-content\/uploads\/2022\/12\/Periodo-de-facturacion-SERED.NET_-1-1536x779.png 1536w\" sizes=\"(max-width: 1896px) 100vw, 1896px\" \/><\/figure>\n<\/div>\n\n\n<div style=\"height:40px\" aria-hidden=\"true\" class=\"wp-block-spacer\"><\/div>\n\n\n\n<p>Como observar\u00e1s, esta opci\u00f3n cuenta con una pesta\u00f1a, para realizar el cambio de facturaci\u00f3n debemos hacer clic en ella y se nos estar\u00e1 mostrando los diferentes tipos de periodos de facturaci\u00f3n: mensual, trimestral, semianual, anual, bianual y trianual. Selecciona la que sea de tu inter\u00e9s y haz clic en&nbsp;<strong>\u201cCambiar\u201d<\/strong>.<\/p>\n\n\n\n<div style=\"height:20px\" aria-hidden=\"true\" class=\"wp-block-spacer\"><\/div>\n\n\n<div class=\"wp-block-image\">\n<figure class=\"aligncenter size-full\"><img loading=\"lazy\" decoding=\"async\" width=\"1896\" height=\"961\" src=\"https:\/\/sered.net\/guias\/wp-content\/uploads\/2022\/12\/Cambiar-el-periodo-de-facturacion-SERED.NET_-1.png\" alt=\"Cambiar el periodo de facturacion SERED.NET\" class=\"wp-image-23617\" srcset=\"https:\/\/sered.net\/guias\/wp-content\/uploads\/2022\/12\/Cambiar-el-periodo-de-facturacion-SERED.NET_-1.png 1896w, https:\/\/sered.net\/guias\/wp-content\/uploads\/2022\/12\/Cambiar-el-periodo-de-facturacion-SERED.NET_-1-768x389.png 768w, https:\/\/sered.net\/guias\/wp-content\/uploads\/2022\/12\/Cambiar-el-periodo-de-facturacion-SERED.NET_-1-1536x779.png 1536w\" sizes=\"(max-width: 1896px) 100vw, 1896px\" \/><\/figure>\n<\/div>\n\n\n<div style=\"height:40px\" aria-hidden=\"true\" class=\"wp-block-spacer\"><\/div>\n\n\n\n<p>B\u00e1sicamente eso es todo, de esta forma podr\u00e1s cambiar el periodo de facturaci\u00f3n del servicio contratado con&nbsp;<strong>Sered<\/strong>.<\/p>\n\n\n\n<p>Esperamos que esta gu\u00eda sobre c\u00f3mo cambiar el periodo de facturaci\u00f3n en Sered, te haya resultado \u00fatil.<\/p>\n\n\n\n<div style=\"height:50px\" aria-hidden=\"true\" class=\"wp-block-spacer\"><\/div>\n","protected":false},"excerpt":{"rendered":"<p>\u00bfQuieres cambiar el per\u00edodo de facturaci\u00f3n en Sered? En esta gu\u00eda, te mostramos c\u00f3mo modificar el periodo de facturaci\u00f3n en Sered de forma r\u00e1pida y en sencillos pasos. El&nbsp;\u00c1rea de clientes&nbsp;de&nbsp;Sered&nbsp;nos brinda la posibilidad de hacer cambios en el per\u00edodo de facturaci\u00f3n de nuestro servicio de hosting, haciendo as\u00ed que se cobre en el periodo [&hellip;]<\/p>\n","protected":false},"author":4,"featured_media":0,"comment_status":"closed","ping_status":"closed","template":"","meta":{"footnotes":""},"doc_category":[353],"doc_tag":[],"ppma_author":[357],"class_list":["post-21731","docs","type-docs","status-publish","hentry","doc_category-area-de-clientes"],"_links":{"self":[{"href":"https:\/\/sered.net\/guias\/wp-json\/wp\/v2\/docs\/21731","targetHints":{"allow":["GET"]}}],"collection":[{"href":"https:\/\/sered.net\/guias\/wp-json\/wp\/v2\/docs"}],"about":[{"href":"https:\/\/sered.net\/guias\/wp-json\/wp\/v2\/types\/docs"}],"author":[{"embeddable":true,"href":"https:\/\/sered.net\/guias\/wp-json\/wp\/v2\/users\/4"}],"replies":[{"embeddable":true,"href":"https:\/\/sered.net\/guias\/wp-json\/wp\/v2\/comments?post=21731"}],"version-history":[{"count":21,"href":"https:\/\/sered.net\/guias\/wp-json\/wp\/v2\/docs\/21731\/revisions"}],"predecessor-version":[{"id":23620,"href":"https:\/\/sered.net\/guias\/wp-json\/wp\/v2\/docs\/21731\/revisions\/23620"}],"wp:attachment":[{"href":"https:\/\/sered.net\/guias\/wp-json\/wp\/v2\/media?parent=21731"}],"wp:term":[{"taxonomy":"doc_category","embeddable":true,"href":"https:\/\/sered.net\/guias\/wp-json\/wp\/v2\/doc_category?post=21731"},{"taxonomy":"doc_tag","embeddable":true,"href":"https:\/\/sered.net\/guias\/wp-json\/wp\/v2\/doc_tag?post=21731"},{"taxonomy":"author","embeddable":true,"href":"https:\/\/sered.net\/guias\/wp-json\/wp\/v2\/ppma_author?post=21731"}],"curies":[{"name":"wp","href":"https:\/\/api.w.org\/{rel}","templated":true}]}}